{"id":943,"date":"2022-05-17T09:17:20","date_gmt":"2022-05-17T09:17:20","guid":{"rendered":"https:\/\/2tm.eu\/event\/the-international-fair-of-education-guidelines\/"},"modified":"2026-04-20T09:34:28","modified_gmt":"2026-04-20T07:34:28","slug":"the-international-fair-of-education-guidelines","status":"publish","type":"tribe_events","link":"https:\/\/2tm.eu\/sl\/event\/the-international-fair-of-education-guidelines\/","title":{"rendered":"Mednarodni sejem izobra\u017eevanja \u00bbSmernice\u00ab"},"content":{"rendered":"<p><span style=\"font-weight: 400;\">Podjetje 2TM se bo tradicionalno udele\u017eilo mednarodnega sejma izobra\u017eevanja \u00bbSmernice\u00ab, ki bo potekal od 4. do 5. marca 2020 v Novom Sadu v Srbiji.<\/span><\/p>\n<p><span style=\"font-weight: 400;\">Na tem mednarodnem sejmu se vsako leto predstavi pribli\u017eno 500 izobra\u017eevalnih ustanov iz Srbije in tujine, udele\u017ei pa se ga ve\u010d kot 30 tiso\u010d gostov, predvsem maturantov, pa tudi \u0161tudentov, ki i\u0161\u010dejo \u00bbsmernice\u00ab pri izbiri prave poklicne poti.<\/span><\/p>\n<p><span style=\"font-weight: 400;\">Predstavniki 2TM bodo letos vse zainteresirane srednje\u0161olce in njihove star\u0161e seznanjali s \u0161tudijem v Sloveniji in prednostih pridobitve mednarodno priznane diplome evropske kakovosti. V \u010dasu sejma bodo obiskovalci lahko izvedeli vse o izbiri \u0161tudijskih programov na slovenskih univerzah, vpisnih rokih, prijavni dokumentaciji in pogojih za sprejem na dolo\u010dene programe.<\/span><\/p>\n<p><span style=\"font-weight: 400;\">Vabimo vas, da obi\u0161\u010dete na\u0161o stojnico, kjer boste osebno prejeli odgovore na vsa va\u0161a vpra\u0161anja o \u0161tudiju v Sloveniji!<\/span><\/p>\n","protected":false},"excerpt":{"rendered":"<p>Podjetje 2TM se bo tradicionalno udele\u017eilo mednarodnega sejma izobra\u017eevanja \u00bbSmernice\u00ab, ki bo potekal od 4. do 5. marca 2020 v Novom Sadu v Srbiji. Na tem mednarodnem sejmu se vsako [&hellip;]<\/p>\n","protected":false},"author":1,"featured_media":865,"comment_status":"open","ping_status":"closed","template":"","meta":{"_acf_changed":false,"_tribe_events_status":"","_tribe_events_status_reason":"","footnotes":""},"tags":[],"tribe_events_cat":[],"acf":[],"yoast_head":"<!-- This site is optimized with the Yoast SEO Premium plugin v20.5 (Yoast SEO v20.5) - https:\/\/yoast.com\/wordpress\/plugins\/seo\/ -->\n<title>2TM na mednarodnem izobra\u017eevalnem sejmu Putokazi<\/title>\n<meta name=\"description\" content=\"Poro\u010dilo z udele\u017ebe na sejmu Putokazi. Svetovanje o poklicni usmeritvi, izbiri prave \u0161tudijske poti in prednostih \u0161tudija v tujini.\" \/>\n<meta name=\"robots\" content=\"index, follow, max-snippet:-1, max-image-preview:large, max-video-preview:-1\" \/>\n<link rel=\"canonical\" href=\"https:\/\/2tm.eu\/sl\/event\/the-international-fair-of-education-guidelines\/\" \/>\n<meta property=\"og:locale\" content=\"sl_SI\" \/>\n<meta property=\"og:type\" content=\"article\" \/>\n<meta property=\"og:title\" content=\"2TM na mednarodnem izobra\u017eevalnem sejmu Putokazi\" \/>\n<meta property=\"og:description\" content=\"Poro\u010dilo z udele\u017ebe na sejmu Putokazi. Svetovanje o poklicni usmeritvi, izbiri prave \u0161tudijske poti in prednostih \u0161tudija v tujini.\" \/>\n<meta property=\"og:url\" content=\"https:\/\/2tm.eu\/sl\/event\/the-international-fair-of-education-guidelines\/\" \/>\n<meta property=\"og:site_name\" content=\"2TM\" \/>\n<meta property=\"article:modified_time\" content=\"2026-04-20T07:34:28+00:00\" \/>\n<meta property=\"og:image\" content=\"https:\/\/2tm.eu\/content\/uploads\/2022\/05\/novi-sad03.jpg\" \/>\n\t<meta property=\"og:image:width\" content=\"1200\" \/>\n\t<meta property=\"og:image:height\" content=\"630\" \/>\n\t<meta property=\"og:image:type\" content=\"image\/jpeg\" \/>\n<meta name=\"twitter:card\" content=\"summary_large_image\" \/>\n<meta name=\"twitter:title\" content=\"2TM na mednarodnem izobra\u017eevalnem sejmu Putokazi\" \/>\n<meta name=\"twitter:description\" content=\"Poro\u010dilo z udele\u017ebe na sejmu Putokazi. Svetovanje o poklicni usmeritvi, izbiri prave \u0161tudijske poti in prednostih \u0161tudija v tujini.\" \/>\n<meta name=\"twitter:label1\" content=\"Est. reading time\" \/>\n\t<meta name=\"twitter:data1\" content=\"1 minuta\" \/>\n<script type=\"application\/ld+json\" class=\"yoast-schema-graph\">{\"@context\":\"https:\/\/schema.org\",\"@graph\":[{\"@type\":\"WebPage\",\"@id\":\"https:\/\/2tm.eu\/sl\/event\/the-international-fair-of-education-guidelines\/\",\"url\":\"https:\/\/2tm.eu\/sl\/event\/the-international-fair-of-education-guidelines\/\",\"name\":\"2TM na mednarodnem izobra\u017eevalnem sejmu Putokazi\",\"isPartOf\":{\"@id\":\"https:\/\/2tm.eu\/en\/#website\"},\"datePublished\":\"2022-05-17T09:17:20+00:00\",\"dateModified\":\"2026-04-20T07:34:28+00:00\",\"description\":\"Poro\u010dilo z udele\u017ebe na sejmu Putokazi. Svetovanje o poklicni usmeritvi, izbiri prave \u0161tudijske poti in prednostih \u0161tudija v tujini.\",\"breadcrumb\":{\"@id\":\"https:\/\/2tm.eu\/sl\/event\/the-international-fair-of-education-guidelines\/#breadcrumb\"},\"inLanguage\":\"sl-SI\",\"potentialAction\":[{\"@type\":\"ReadAction\",\"target\":[\"https:\/\/2tm.eu\/sl\/event\/the-international-fair-of-education-guidelines\/\"]}]},{\"@type\":\"BreadcrumbList\",\"@id\":\"https:\/\/2tm.eu\/sl\/event\/the-international-fair-of-education-guidelines\/#breadcrumb\",\"itemListElement\":[{\"@type\":\"ListItem\",\"position\":1,\"name\":\"Home\",\"item\":\"https:\/\/2tm.eu\/sl\/\"},{\"@type\":\"ListItem\",\"position\":2,\"name\":\"Events\",\"item\":\"https:\/\/2tm.eu\/sl\/events\/\"},{\"@type\":\"ListItem\",\"position\":3,\"name\":\"Mednarodni sejem izobra\u017eevanja \u00bbSmernice\u00ab\"}]},{\"@type\":\"WebSite\",\"@id\":\"https:\/\/2tm.eu\/en\/#website\",\"url\":\"https:\/\/2tm.eu\/en\/\",\"name\":\"2TM\",\"description\":\"Izobra\u017eevanje v Evropi\",\"potentialAction\":[{\"@type\":\"SearchAction\",\"target\":{\"@type\":\"EntryPoint\",\"urlTemplate\":\"https:\/\/2tm.eu\/en\/?s={search_term_string}\"},\"query-input\":\"required name=search_term_string\"}],\"inLanguage\":\"sl-SI\"}]}<\/script>\n<!-- \/ Yoast SEO Premium plugin. -->","yoast_head_json":{"title":"2TM na mednarodnem izobra\u017eevalnem sejmu Putokazi","description":"Poro\u010dilo z udele\u017ebe na sejmu Putokazi. Svetovanje o poklicni usmeritvi, izbiri prave \u0161tudijske poti in prednostih \u0161tudija v tujini.","robots":{"index":"index","follow":"follow","max-snippet":"max-snippet:-1","max-image-preview":"max-image-preview:large","max-video-preview":"max-video-preview:-1"},"canonical":"https:\/\/2tm.eu\/sl\/event\/the-international-fair-of-education-guidelines\/","og_locale":"sl_SI","og_type":"article","og_title":"2TM na mednarodnem izobra\u017eevalnem sejmu Putokazi","og_description":"Poro\u010dilo z udele\u017ebe na sejmu Putokazi. Svetovanje o poklicni usmeritvi, izbiri prave \u0161tudijske poti in prednostih \u0161tudija v tujini.","og_url":"https:\/\/2tm.eu\/sl\/event\/the-international-fair-of-education-guidelines\/","og_site_name":"2TM","article_modified_time":"2026-04-20T07:34:28+00:00","og_image":[{"width":1200,"height":630,"url":"https:\/\/2tm.eu\/content\/uploads\/2022\/05\/novi-sad03.jpg","type":"image\/jpeg"}],"twitter_card":"summary_large_image","twitter_title":"2TM na mednarodnem izobra\u017eevalnem sejmu Putokazi","twitter_description":"Poro\u010dilo z udele\u017ebe na sejmu Putokazi. Svetovanje o poklicni usmeritvi, izbiri prave \u0161tudijske poti in prednostih \u0161tudija v tujini.","twitter_misc":{"Est. reading time":"1 minuta"},"schema":{"@context":"https:\/\/schema.org","@graph":[{"@type":"WebPage","@id":"https:\/\/2tm.eu\/sl\/event\/the-international-fair-of-education-guidelines\/","url":"https:\/\/2tm.eu\/sl\/event\/the-international-fair-of-education-guidelines\/","name":"2TM na mednarodnem izobra\u017eevalnem sejmu Putokazi","isPartOf":{"@id":"https:\/\/2tm.eu\/en\/#website"},"datePublished":"2022-05-17T09:17:20+00:00","dateModified":"2026-04-20T07:34:28+00:00","description":"Poro\u010dilo z udele\u017ebe na sejmu Putokazi. Svetovanje o poklicni usmeritvi, izbiri prave \u0161tudijske poti in prednostih \u0161tudija v tujini.","breadcrumb":{"@id":"https:\/\/2tm.eu\/sl\/event\/the-international-fair-of-education-guidelines\/#breadcrumb"},"inLanguage":"sl-SI","potentialAction":[{"@type":"ReadAction","target":["https:\/\/2tm.eu\/sl\/event\/the-international-fair-of-education-guidelines\/"]}]},{"@type":"BreadcrumbList","@id":"https:\/\/2tm.eu\/sl\/event\/the-international-fair-of-education-guidelines\/#breadcrumb","itemListElement":[{"@type":"ListItem","position":1,"name":"Home","item":"https:\/\/2tm.eu\/sl\/"},{"@type":"ListItem","position":2,"name":"Events","item":"https:\/\/2tm.eu\/sl\/events\/"},{"@type":"ListItem","position":3,"name":"Mednarodni sejem izobra\u017eevanja \u00bbSmernice\u00ab"}]},{"@type":"WebSite","@id":"https:\/\/2tm.eu\/en\/#website","url":"https:\/\/2tm.eu\/en\/","name":"2TM","description":"Izobra\u017eevanje v Evropi","potentialAction":[{"@type":"SearchAction","target":{"@type":"EntryPoint","urlTemplate":"https:\/\/2tm.eu\/en\/?s={search_term_string}"},"query-input":"required name=search_term_string"}],"inLanguage":"sl-SI"}]}},"_links":{"self":[{"href":"https:\/\/2tm.eu\/sl\/wp-json\/wp\/v2\/tribe_events\/943"}],"collection":[{"href":"https:\/\/2tm.eu\/sl\/wp-json\/wp\/v2\/tribe_events"}],"about":[{"href":"https:\/\/2tm.eu\/sl\/wp-json\/wp\/v2\/types\/tribe_events"}],"author":[{"embeddable":true,"href":"https:\/\/2tm.eu\/sl\/wp-json\/wp\/v2\/users\/1"}],"replies":[{"embeddable":true,"href":"https:\/\/2tm.eu\/sl\/wp-json\/wp\/v2\/comments?post=943"}],"version-history":[{"count":1,"href":"https:\/\/2tm.eu\/sl\/wp-json\/wp\/v2\/tribe_events\/943\/revisions"}],"predecessor-version":[{"id":944,"href":"https:\/\/2tm.eu\/sl\/wp-json\/wp\/v2\/tribe_events\/943\/revisions\/944"}],"wp:featuredmedia":[{"embeddable":true,"href":"https:\/\/2tm.eu\/sl\/wp-json\/wp\/v2\/media\/865"}],"wp:attachment":[{"href":"https:\/\/2tm.eu\/sl\/wp-json\/wp\/v2\/media?parent=943"}],"wp:term":[{"taxonomy":"post_tag","embeddable":true,"href":"https:\/\/2tm.eu\/sl\/wp-json\/wp\/v2\/tags?post=943"},{"taxonomy":"tribe_events_cat","embeddable":true,"href":"https:\/\/2tm.eu\/sl\/wp-json\/wp\/v2\/tribe_events_cat?post=943"}],"curies":[{"name":"wp","href":"https:\/\/api.w.org\/{rel}","templated":true}]}}